{"id":48,"date":"2018-09-13T12:13:38","date_gmt":"2018-09-13T11:13:38","guid":{"rendered":"http:\/\/test.dalslandsgille.se\/wordpress\/?page_id=48"},"modified":"2018-09-13T12:13:38","modified_gmt":"2018-09-13T11:13:38","slug":"amal","status":"publish","type":"page","link":"https:\/\/dalslandsgille.se\/?page_id=48","title":{"rendered":"\u00c5m\u00e5l"},"content":{"rendered":"<h1>\u00c5m\u00e5l &#8211; Dalslands stad<\/h1>\n<p>\u00c5m\u00e5l \u00e4r Dalslands enda stad och det har den varit sedan staden fick sina stadsprivilegier den 1 april 1643 av drottning Kristinas f\u00f6rmyndarregering. Stadens anl\u00e4ggning \u00e4r en direkt regerings\u00e5tg\u00e4rd f\u00f6r att stoppa landsk\u00f6pshandeln och framf\u00f6r allt timmerhandeln p\u00e5 Norge. Men myndigheterna lyckades aldrig st\u00e4vja smugglingen. F\u00f6r skogs\u00e4garna var gr\u00e4nshandeln viktig. Idag \u00e4r \u00c5m\u00e5l centralorten i \u00c5m\u00e5ls kommun i V\u00e4stra G\u00f6talands l\u00e4n och som andra orter i Dalsland har man n\u00e4ra kontakt med Norge.<\/p>\n<figure id=\"attachment_143\" aria-describedby=\"caption-attachment-143\" style=\"width: 300px\" class=\"wp-caption alignnone\"><img data-recalc-dims=\"1\" loading=\"lazy\" decoding=\"async\" data-attachment-id=\"143\" data-permalink=\"https:\/\/dalslandsgille.se\/?attachment_id=143\" data-orig-file=\"https:\/\/i0.wp.com\/dalslandsgille.se\/wordpress\/wp-content\/uploads\/2018\/09\/Torggatan2.jpg?fit=560%2C353&amp;ssl=1\" data-orig-size=\"560,353\" data-comments-opened=\"0\" data-image-meta=\"{&quot;aperture&quot;:&quot;0&quot;,&quot;credit&quot;:&quot;&quot;,&quot;camera&quot;:&quot;&quot;,&quot;caption&quot;:&quot;&quot;,&quot;created_timestamp&quot;:&quot;0&quot;,&quot;copyright&quot;:&quot;&quot;,&quot;focal_length&quot;:&quot;0&quot;,&quot;iso&quot;:&quot;0&quot;,&quot;shutter_speed&quot;:&quot;0&quot;,&quot;title&quot;:&quot;&quot;,&quot;orientation&quot;:&quot;1&quot;}\" data-image-title=\"Torggatan2\" data-image-description=\"\" data-image-caption=\"&lt;p&gt;Torggatan&lt;\/p&gt;\n\" data-large-file=\"https:\/\/i0.wp.com\/dalslandsgille.se\/wordpress\/wp-content\/uploads\/2018\/09\/Torggatan2.jpg?fit=525%2C331&amp;ssl=1\" class=\"size-medium wp-image-143\" src=\"https:\/\/i0.wp.com\/dalslandsgille.se\/wordpress\/wp-content\/uploads\/2018\/09\/Torggatan2-300x189.jpg?resize=300%2C189\" alt=\"\" width=\"300\" height=\"189\" srcset=\"https:\/\/i0.wp.com\/dalslandsgille.se\/wordpress\/wp-content\/uploads\/2018\/09\/Torggatan2.jpg?resize=300%2C189&amp;ssl=1 300w, https:\/\/i0.wp.com\/dalslandsgille.se\/wordpress\/wp-content\/uploads\/2018\/09\/Torggatan2.jpg?w=560&amp;ssl=1 560w\" sizes=\"auto, (max-width: 300px) 100vw, 300px\" \/><figcaption id=\"caption-attachment-143\" class=\"wp-caption-text\">Torggatan<\/figcaption><\/figure>\n<figure id=\"attachment_138\" aria-describedby=\"caption-attachment-138\" style=\"width: 300px\" class=\"wp-caption alignnone\"><img data-recalc-dims=\"1\" loading=\"lazy\" decoding=\"async\" data-attachment-id=\"138\" data-permalink=\"https:\/\/dalslandsgille.se\/?attachment_id=138\" data-orig-file=\"https:\/\/i0.wp.com\/dalslandsgille.se\/wordpress\/wp-content\/uploads\/2018\/09\/Kungsgatan1.jpg?fit=560%2C355&amp;ssl=1\" data-orig-size=\"560,355\" data-comments-opened=\"0\" data-image-meta=\"{&quot;aperture&quot;:&quot;0&quot;,&quot;credit&quot;:&quot;&quot;,&quot;camera&quot;:&quot;&quot;,&quot;caption&quot;:&quot;&quot;,&quot;created_timestamp&quot;:&quot;0&quot;,&quot;copyright&quot;:&quot;&quot;,&quot;focal_length&quot;:&quot;0&quot;,&quot;iso&quot;:&quot;0&quot;,&quot;shutter_speed&quot;:&quot;0&quot;,&quot;title&quot;:&quot;&quot;,&quot;orientation&quot;:&quot;1&quot;}\" data-image-title=\"Kungsgatan1\" data-image-description=\"\" data-image-caption=\"&lt;p&gt;Kungsgatan leder ner till torget och idag \u00e4r Stadshotellet ett v\u00e4lbes\u00f6kt hotell&lt;\/p&gt;\n\" data-large-file=\"https:\/\/i0.wp.com\/dalslandsgille.se\/wordpress\/wp-content\/uploads\/2018\/09\/Kungsgatan1.jpg?fit=525%2C333&amp;ssl=1\" class=\"size-medium wp-image-138\" src=\"https:\/\/i0.wp.com\/dalslandsgille.se\/wordpress\/wp-content\/uploads\/2018\/09\/Kungsgatan1-300x190.jpg?resize=300%2C190\" alt=\"\" width=\"300\" height=\"190\" srcset=\"https:\/\/i0.wp.com\/dalslandsgille.se\/wordpress\/wp-content\/uploads\/2018\/09\/Kungsgatan1.jpg?resize=300%2C190&amp;ssl=1 300w, https:\/\/i0.wp.com\/dalslandsgille.se\/wordpress\/wp-content\/uploads\/2018\/09\/Kungsgatan1.jpg?w=560&amp;ssl=1 560w\" sizes=\"auto, (max-width: 300px) 100vw, 300px\" \/><figcaption id=\"caption-attachment-138\" class=\"wp-caption-text\">Kungsgatan leder ner till torget och idag \u00e4r Stadshotellet ett v\u00e4lbes\u00f6kt hotell<\/figcaption><\/figure>\n<figure id=\"attachment_139\" aria-describedby=\"caption-attachment-139\" style=\"width: 300px\" class=\"wp-caption alignnone\"><img data-recalc-dims=\"1\" loading=\"lazy\" decoding=\"async\" data-attachment-id=\"139\" data-permalink=\"https:\/\/dalslandsgille.se\/?attachment_id=139\" data-orig-file=\"https:\/\/i0.wp.com\/dalslandsgille.se\/wordpress\/wp-content\/uploads\/2018\/09\/Kungsgatan2.jpg?fit=560%2C409&amp;ssl=1\" data-orig-size=\"560,409\" data-comments-opened=\"0\" data-image-meta=\"{&quot;aperture&quot;:&quot;0&quot;,&quot;credit&quot;:&quot;&quot;,&quot;camera&quot;:&quot;&quot;,&quot;caption&quot;:&quot;&quot;,&quot;created_timestamp&quot;:&quot;0&quot;,&quot;copyright&quot;:&quot;&quot;,&quot;focal_length&quot;:&quot;0&quot;,&quot;iso&quot;:&quot;0&quot;,&quot;shutter_speed&quot;:&quot;0&quot;,&quot;title&quot;:&quot;&quot;,&quot;orientation&quot;:&quot;1&quot;}\" data-image-title=\"Kungsgatan2\" data-image-description=\"\" data-image-caption=\"&lt;p&gt;Kungsgatan&lt;\/p&gt;\n\" data-large-file=\"https:\/\/i0.wp.com\/dalslandsgille.se\/wordpress\/wp-content\/uploads\/2018\/09\/Kungsgatan2.jpg?fit=525%2C383&amp;ssl=1\" class=\"size-medium wp-image-139\" src=\"https:\/\/i0.wp.com\/dalslandsgille.se\/wordpress\/wp-content\/uploads\/2018\/09\/Kungsgatan2-300x219.jpg?resize=300%2C219\" alt=\"\" width=\"300\" height=\"219\" srcset=\"https:\/\/i0.wp.com\/dalslandsgille.se\/wordpress\/wp-content\/uploads\/2018\/09\/Kungsgatan2.jpg?resize=300%2C219&amp;ssl=1 300w, https:\/\/i0.wp.com\/dalslandsgille.se\/wordpress\/wp-content\/uploads\/2018\/09\/Kungsgatan2.jpg?w=560&amp;ssl=1 560w\" sizes=\"auto, (max-width: 300px) 100vw, 300px\" \/><figcaption id=\"caption-attachment-139\" class=\"wp-caption-text\">Kungsgatan<\/figcaption><\/figure>\n<p>\u00c5r 2002 tilldelades \u00c5m\u00e5l utm\u00e4rkelsen \u00c5rets Stadsk\u00e4rna i Sverige. I den internationella t\u00e4vlingen <a href=\"http:\/\/livcomawards.com\/previous-winners\/2005-results.htm\">Livcom Awards 2005<\/a>, som avgjordes i La Coru\u00f1a i Spanien, kom \u00c5m\u00e5l p\u00e5 en andraplats och kunde d\u00e5 kalla sig sj\u00e4lva f\u00f6r v\u00e4rldens n\u00e4st b\u00e4sta sm\u00e5stad.<\/p>\n<figure id=\"attachment_142\" aria-describedby=\"caption-attachment-142\" style=\"width: 300px\" class=\"wp-caption alignnone\"><img data-recalc-dims=\"1\" loading=\"lazy\" decoding=\"async\" data-attachment-id=\"142\" data-permalink=\"https:\/\/dalslandsgille.se\/?attachment_id=142\" data-orig-file=\"https:\/\/i0.wp.com\/dalslandsgille.se\/wordpress\/wp-content\/uploads\/2018\/09\/Tingshuset.jpg?fit=560%2C361&amp;ssl=1\" data-orig-size=\"560,361\" data-comments-opened=\"0\" data-image-meta=\"{&quot;aperture&quot;:&quot;0&quot;,&quot;credit&quot;:&quot;&quot;,&quot;camera&quot;:&quot;&quot;,&quot;caption&quot;:&quot;&quot;,&quot;created_timestamp&quot;:&quot;0&quot;,&quot;copyright&quot;:&quot;&quot;,&quot;focal_length&quot;:&quot;0&quot;,&quot;iso&quot;:&quot;0&quot;,&quot;shutter_speed&quot;:&quot;0&quot;,&quot;title&quot;:&quot;&quot;,&quot;orientation&quot;:&quot;1&quot;}\" data-image-title=\"Tingshuset\" data-image-description=\"\" data-image-caption=\"&lt;p&gt;Tingshuset&lt;\/p&gt;\n\" data-large-file=\"https:\/\/i0.wp.com\/dalslandsgille.se\/wordpress\/wp-content\/uploads\/2018\/09\/Tingshuset.jpg?fit=525%2C338&amp;ssl=1\" class=\"size-medium wp-image-142\" src=\"https:\/\/i0.wp.com\/dalslandsgille.se\/wordpress\/wp-content\/uploads\/2018\/09\/Tingshuset-300x193.jpg?resize=300%2C193\" alt=\"\" width=\"300\" height=\"193\" srcset=\"https:\/\/i0.wp.com\/dalslandsgille.se\/wordpress\/wp-content\/uploads\/2018\/09\/Tingshuset.jpg?resize=300%2C193&amp;ssl=1 300w, https:\/\/i0.wp.com\/dalslandsgille.se\/wordpress\/wp-content\/uploads\/2018\/09\/Tingshuset.jpg?w=560&amp;ssl=1 560w\" sizes=\"auto, (max-width: 300px) 100vw, 300px\" \/><figcaption id=\"caption-attachment-142\" class=\"wp-caption-text\">Tingshuset<\/figcaption><\/figure>\n<p>\u00c5m\u00e5l \u00e4r bel\u00e4get p\u00e5 b\u00e5da sidor om \u00c5m\u00e5ls\u00e5n, som fr\u00e5n v\u00e4st till \u00f6st flyter genom staden och mynnar ut i \u00c5m\u00e5lsviken i V\u00e4nern. P\u00e5 vykortet ovan ser man direkt\u00f6r Almgrens villa bredvid Tingshuset. De byggdes efter branden 1901.<br \/>\nStaden har i sina centrala delar en regelbunden stadsplan. Medelpunkten \u00e4r torget invid \u00c5m\u00e5ls\u00e5n som delar staden i en nordlig och en sydlig h\u00e4lft.<\/p>\n<p>\u00c5m\u00e5l har tv\u00e5 framg\u00e5ngsrika fotbollslag, det ena mer framg\u00e5ngsrikt \u00e4n det andra enligt vissa.<\/p>\n<figure id=\"attachment_137\" aria-describedby=\"caption-attachment-137\" style=\"width: 252px\" class=\"wp-caption alignnone\"><img data-recalc-dims=\"1\" loading=\"lazy\" decoding=\"async\" data-attachment-id=\"137\" data-permalink=\"https:\/\/dalslandsgille.se\/?attachment_id=137\" data-orig-file=\"https:\/\/i0.wp.com\/dalslandsgille.se\/wordpress\/wp-content\/uploads\/2018\/09\/Jarnpiller.jpg?fit=252%2C247&amp;ssl=1\" data-orig-size=\"252,247\" data-comments-opened=\"0\" data-image-meta=\"{&quot;aperture&quot;:&quot;0&quot;,&quot;credit&quot;:&quot;&quot;,&quot;camera&quot;:&quot;&quot;,&quot;caption&quot;:&quot;&quot;,&quot;created_timestamp&quot;:&quot;0&quot;,&quot;copyright&quot;:&quot;&quot;,&quot;focal_length&quot;:&quot;0&quot;,&quot;iso&quot;:&quot;0&quot;,&quot;shutter_speed&quot;:&quot;0&quot;,&quot;title&quot;:&quot;&quot;,&quot;orientation&quot;:&quot;1&quot;}\" data-image-title=\"Jarnpiller\" data-image-description=\"\" data-image-caption=\"&lt;p&gt;J\u00e4rnpiller&lt;\/p&gt;\n\" data-large-file=\"https:\/\/i0.wp.com\/dalslandsgille.se\/wordpress\/wp-content\/uploads\/2018\/09\/Jarnpiller.jpg?fit=252%2C247&amp;ssl=1\" class=\"size-full wp-image-137\" src=\"https:\/\/i0.wp.com\/dalslandsgille.se\/wordpress\/wp-content\/uploads\/2018\/09\/Jarnpiller.jpg?resize=252%2C247\" alt=\"\" width=\"252\" height=\"247\" \/><figcaption id=\"caption-attachment-137\" class=\"wp-caption-text\">J\u00e4rnpiller<\/figcaption><\/figure>\n<p>B\u00e5da lagen st\u00e4rker sin kondition med Blauds sockrade j\u00e4rnpiller som de k\u00f6per p\u00e5 apoteket lejonet i \u00c5m\u00e5l. Vid matcherna bor stadens utsocknes huliganer p\u00e5 Stadshotellet medan stadens poliskonstapel bevakar hotellet.<\/p>\n<p><img data-recalc-dims=\"1\" loading=\"lazy\" decoding=\"async\" data-attachment-id=\"141\" data-permalink=\"https:\/\/dalslandsgille.se\/?attachment_id=141\" data-orig-file=\"https:\/\/i0.wp.com\/dalslandsgille.se\/wordpress\/wp-content\/uploads\/2018\/09\/polis_konstapel.gif?fit=240%2C201&amp;ssl=1\" data-orig-size=\"240,201\" data-comments-opened=\"0\" data-image-meta=\"{&quot;aperture&quot;:&quot;0&quot;,&quot;credit&quot;:&quot;&quot;,&quot;camera&quot;:&quot;&quot;,&quot;caption&quot;:&quot;&quot;,&quot;created_timestamp&quot;:&quot;0&quot;,&quot;copyright&quot;:&quot;&quot;,&quot;focal_length&quot;:&quot;0&quot;,&quot;iso&quot;:&quot;0&quot;,&quot;shutter_speed&quot;:&quot;0&quot;,&quot;title&quot;:&quot;&quot;,&quot;orientation&quot;:&quot;0&quot;}\" data-image-title=\"poliskonstapel\" data-image-description=\"\" data-image-caption=\"\" data-large-file=\"https:\/\/i0.wp.com\/dalslandsgille.se\/wordpress\/wp-content\/uploads\/2018\/09\/polis_konstapel.gif?fit=240%2C201&amp;ssl=1\" class=\"size-full wp-image-141 alignnone\" src=\"https:\/\/i0.wp.com\/dalslandsgille.se\/wordpress\/wp-content\/uploads\/2018\/09\/polis_konstapel.gif?resize=240%2C201\" alt=\"\" width=\"240\" height=\"201\" \/><\/p>\n","protected":false},"excerpt":{"rendered":"<p>\u00c5m\u00e5l &#8211; Dalslands stad \u00c5m\u00e5l \u00e4r Dalslands enda stad och det har den varit sedan staden fick sina stadsprivilegier den 1 april 1643 av drottning Kristinas f\u00f6rmyndarregering. Stadens anl\u00e4ggning \u00e4r &hellip; <\/p>\n<p class=\"link-more\"><a href=\"https:\/\/dalslandsgille.se\/?page_id=48\" class=\"more-link\">Forts\u00e4tt l\u00e4sa<span class=\"screen-reader-text\"> \u201d\u00c5m\u00e5l\u201d<\/span><\/a><\/p>\n","protected":false},"author":1,"featured_media":0,"parent":33,"menu_order":1,"comment_status":"closed","ping_status":"closed","template":"","meta":{"_mc_calendar":[],"footnotes":""},"class_list":["post-48","page","type-page","status-publish","hentry"],"yoast_head":"<!-- This site is optimized with the Yoast SEO plugin v28.3 - https:\/\/yoast.com\/product\/yoast-seo-wordpress\/ -->\n<title>\u00c5m\u00e5l - Dalslands gille<\/title>\n<meta name=\"robots\" content=\"index, follow, max-snippet:-1, max-image-preview:large, max-video-preview:-1\" \/>\n<link rel=\"canonical\" href=\"https:\/\/dalslandsgille.se\/?page_id=48\" \/>\n<meta property=\"og:locale\" content=\"sv_SE\" \/>\n<meta property=\"og:type\" content=\"article\" \/>\n<meta property=\"og:title\" content=\"\u00c5m\u00e5l - Dalslands gille\" \/>\n<meta property=\"og:description\" content=\"\u00c5m\u00e5l &#8211; Dalslands stad \u00c5m\u00e5l \u00e4r Dalslands enda stad och det har den varit sedan staden fick sina stadsprivilegier den 1 april 1643 av drottning Kristinas f\u00f6rmyndarregering. Stadens anl\u00e4ggning \u00e4r &hellip; Forts\u00e4tt l\u00e4sa \u201d\u00c5m\u00e5l\u201d\" \/>\n<meta property=\"og:url\" content=\"https:\/\/dalslandsgille.se\/?page_id=48\" \/>\n<meta property=\"og:site_name\" content=\"Dalslands gille\" \/>\n<meta property=\"article:publisher\" content=\"https:\/\/www.facebook.com\/dalslandsgille\" \/>\n<meta property=\"og:image\" content=\"http:\/\/dalslandsgille.se\/wordpress\/wp-content\/uploads\/2018\/09\/Torggatan2-300x189.jpg\" \/>\n<meta name=\"twitter:card\" content=\"summary_large_image\" \/>\n<meta name=\"twitter:label1\" content=\"Ber\u00e4knad l\u00e4stid\" \/>\n\t<meta name=\"twitter:data1\" content=\"2 minuter\" \/>\n<script type=\"application\/ld+json\" class=\"yoast-schema-graph\">{\"@context\":\"https:\\\/\\\/schema.org\",\"@graph\":[{\"@type\":\"WebPage\",\"@id\":\"https:\\\/\\\/dalslandsgille.se\\\/?page_id=48\",\"url\":\"https:\\\/\\\/dalslandsgille.se\\\/?page_id=48\",\"name\":\"\u00c5m\u00e5l - Dalslands gille\",\"isPartOf\":{\"@id\":\"https:\\\/\\\/dalslandsgille.se\\\/#website\"},\"primaryImageOfPage\":{\"@id\":\"https:\\\/\\\/dalslandsgille.se\\\/?page_id=48#primaryimage\"},\"image\":{\"@id\":\"https:\\\/\\\/dalslandsgille.se\\\/?page_id=48#primaryimage\"},\"thumbnailUrl\":\"http:\\\/\\\/dalslandsgille.se\\\/wordpress\\\/wp-content\\\/uploads\\\/2018\\\/09\\\/Torggatan2-300x189.jpg\",\"datePublished\":\"2018-09-13T11:13:38+00:00\",\"breadcrumb\":{\"@id\":\"https:\\\/\\\/dalslandsgille.se\\\/?page_id=48#breadcrumb\"},\"inLanguage\":\"sv-SE\",\"potentialAction\":[{\"@type\":\"ReadAction\",\"target\":[\"https:\\\/\\\/dalslandsgille.se\\\/?page_id=48\"]}]},{\"@type\":\"ImageObject\",\"inLanguage\":\"sv-SE\",\"@id\":\"https:\\\/\\\/dalslandsgille.se\\\/?page_id=48#primaryimage\",\"url\":\"http:\\\/\\\/dalslandsgille.se\\\/wordpress\\\/wp-content\\\/uploads\\\/2018\\\/09\\\/Torggatan2-300x189.jpg\",\"contentUrl\":\"http:\\\/\\\/dalslandsgille.se\\\/wordpress\\\/wp-content\\\/uploads\\\/2018\\\/09\\\/Torggatan2-300x189.jpg\"},{\"@type\":\"BreadcrumbList\",\"@id\":\"https:\\\/\\\/dalslandsgille.se\\\/?page_id=48#breadcrumb\",\"itemListElement\":[{\"@type\":\"ListItem\",\"position\":1,\"name\":\"Hem\",\"item\":\"https:\\\/\\\/dalslandsgille.se\\\/\"},{\"@type\":\"ListItem\",\"position\":2,\"name\":\"V\u00e5r hembygd\",\"item\":\"https:\\\/\\\/dalslandsgille.se\\\/?page_id=33\"},{\"@type\":\"ListItem\",\"position\":3,\"name\":\"\u00c5m\u00e5l\"}]},{\"@type\":\"WebSite\",\"@id\":\"https:\\\/\\\/dalslandsgille.se\\\/#website\",\"url\":\"https:\\\/\\\/dalslandsgille.se\\\/\",\"name\":\"Dalslands gille\",\"description\":\"Dalslands Gille i Stockholm v\u00e4nder sig till alla dalsl\u00e4nningar i Stockholm med omnejd samt till gamla som unga som \u00e4r intresserade av Dalsland\",\"publisher\":{\"@id\":\"https:\\\/\\\/dalslandsgille.se\\\/#organization\"},\"potentialAction\":[{\"@type\":\"SearchAction\",\"target\":{\"@type\":\"EntryPoint\",\"urlTemplate\":\"https:\\\/\\\/dalslandsgille.se\\\/?s={search_term_string}\"},\"query-input\":{\"@type\":\"PropertyValueSpecification\",\"valueRequired\":true,\"valueName\":\"search_term_string\"}}],\"inLanguage\":\"sv-SE\"},{\"@type\":\"Organization\",\"@id\":\"https:\\\/\\\/dalslandsgille.se\\\/#organization\",\"name\":\"Dalslands Gille\",\"url\":\"https:\\\/\\\/dalslandsgille.se\\\/\",\"logo\":{\"@type\":\"ImageObject\",\"inLanguage\":\"sv-SE\",\"@id\":\"https:\\\/\\\/dalslandsgille.se\\\/#\\\/schema\\\/logo\\\/image\\\/\",\"url\":\"https:\\\/\\\/i2.wp.com\\\/dalslandsgille.se\\\/wordpress\\\/wp-content\\\/uploads\\\/2018\\\/10\\\/DG_Logga-2018.jpg?fit=2728%2C952&ssl=1\",\"contentUrl\":\"https:\\\/\\\/i2.wp.com\\\/dalslandsgille.se\\\/wordpress\\\/wp-content\\\/uploads\\\/2018\\\/10\\\/DG_Logga-2018.jpg?fit=2728%2C952&ssl=1\",\"width\":2728,\"height\":952,\"caption\":\"Dalslands Gille\"},\"image\":{\"@id\":\"https:\\\/\\\/dalslandsgille.se\\\/#\\\/schema\\\/logo\\\/image\\\/\"},\"sameAs\":[\"https:\\\/\\\/www.facebook.com\\\/dalslandsgille\"]}]}<\/script>\n<!-- \/ Yoast SEO plugin. -->","yoast_head_json":{"title":"\u00c5m\u00e5l - Dalslands gille","robots":{"index":"index","follow":"follow","max-snippet":"max-snippet:-1","max-image-preview":"max-image-preview:large","max-video-preview":"max-video-preview:-1"},"canonical":"https:\/\/dalslandsgille.se\/?page_id=48","og_locale":"sv_SE","og_type":"article","og_title":"\u00c5m\u00e5l - Dalslands gille","og_description":"\u00c5m\u00e5l &#8211; Dalslands stad \u00c5m\u00e5l \u00e4r Dalslands enda stad och det har den varit sedan staden fick sina stadsprivilegier den 1 april 1643 av drottning Kristinas f\u00f6rmyndarregering. Stadens anl\u00e4ggning \u00e4r &hellip; Forts\u00e4tt l\u00e4sa \u201d\u00c5m\u00e5l\u201d","og_url":"https:\/\/dalslandsgille.se\/?page_id=48","og_site_name":"Dalslands gille","article_publisher":"https:\/\/www.facebook.com\/dalslandsgille","og_image":[{"url":"http:\/\/dalslandsgille.se\/wordpress\/wp-content\/uploads\/2018\/09\/Torggatan2-300x189.jpg","type":"","width":"","height":""}],"twitter_card":"summary_large_image","twitter_misc":{"Ber\u00e4knad l\u00e4stid":"2 minuter"},"schema":{"@context":"https:\/\/schema.org","@graph":[{"@type":"WebPage","@id":"https:\/\/dalslandsgille.se\/?page_id=48","url":"https:\/\/dalslandsgille.se\/?page_id=48","name":"\u00c5m\u00e5l - Dalslands gille","isPartOf":{"@id":"https:\/\/dalslandsgille.se\/#website"},"primaryImageOfPage":{"@id":"https:\/\/dalslandsgille.se\/?page_id=48#primaryimage"},"image":{"@id":"https:\/\/dalslandsgille.se\/?page_id=48#primaryimage"},"thumbnailUrl":"http:\/\/dalslandsgille.se\/wordpress\/wp-content\/uploads\/2018\/09\/Torggatan2-300x189.jpg","datePublished":"2018-09-13T11:13:38+00:00","breadcrumb":{"@id":"https:\/\/dalslandsgille.se\/?page_id=48#breadcrumb"},"inLanguage":"sv-SE","potentialAction":[{"@type":"ReadAction","target":["https:\/\/dalslandsgille.se\/?page_id=48"]}]},{"@type":"ImageObject","inLanguage":"sv-SE","@id":"https:\/\/dalslandsgille.se\/?page_id=48#primaryimage","url":"http:\/\/dalslandsgille.se\/wordpress\/wp-content\/uploads\/2018\/09\/Torggatan2-300x189.jpg","contentUrl":"http:\/\/dalslandsgille.se\/wordpress\/wp-content\/uploads\/2018\/09\/Torggatan2-300x189.jpg"},{"@type":"BreadcrumbList","@id":"https:\/\/dalslandsgille.se\/?page_id=48#breadcrumb","itemListElement":[{"@type":"ListItem","position":1,"name":"Hem","item":"https:\/\/dalslandsgille.se\/"},{"@type":"ListItem","position":2,"name":"V\u00e5r hembygd","item":"https:\/\/dalslandsgille.se\/?page_id=33"},{"@type":"ListItem","position":3,"name":"\u00c5m\u00e5l"}]},{"@type":"WebSite","@id":"https:\/\/dalslandsgille.se\/#website","url":"https:\/\/dalslandsgille.se\/","name":"Dalslands gille","description":"Dalslands Gille i Stockholm v\u00e4nder sig till alla dalsl\u00e4nningar i Stockholm med omnejd samt till gamla som unga som \u00e4r intresserade av Dalsland","publisher":{"@id":"https:\/\/dalslandsgille.se\/#organization"},"potentialAction":[{"@type":"SearchAction","target":{"@type":"EntryPoint","urlTemplate":"https:\/\/dalslandsgille.se\/?s={search_term_string}"},"query-input":{"@type":"PropertyValueSpecification","valueRequired":true,"valueName":"search_term_string"}}],"inLanguage":"sv-SE"},{"@type":"Organization","@id":"https:\/\/dalslandsgille.se\/#organization","name":"Dalslands Gille","url":"https:\/\/dalslandsgille.se\/","logo":{"@type":"ImageObject","inLanguage":"sv-SE","@id":"https:\/\/dalslandsgille.se\/#\/schema\/logo\/image\/","url":"https:\/\/i2.wp.com\/dalslandsgille.se\/wordpress\/wp-content\/uploads\/2018\/10\/DG_Logga-2018.jpg?fit=2728%2C952&ssl=1","contentUrl":"https:\/\/i2.wp.com\/dalslandsgille.se\/wordpress\/wp-content\/uploads\/2018\/10\/DG_Logga-2018.jpg?fit=2728%2C952&ssl=1","width":2728,"height":952,"caption":"Dalslands Gille"},"image":{"@id":"https:\/\/dalslandsgille.se\/#\/schema\/logo\/image\/"},"sameAs":["https:\/\/www.facebook.com\/dalslandsgille"]}]}},"jetpack_sharing_enabled":true,"jetpack_shortlink":"https:\/\/wp.me\/Paob32-M","jetpack-related-posts":[{"id":146,"url":"https:\/\/dalslandsgille.se\/?page_id=146","url_meta":{"origin":48,"position":0},"title":"Min barndomsstad \u00c5m\u00e5l","author":"admin","date":"2018-09-13","format":false,"excerpt":"I \u00c5m\u00e5l finns det tv\u00e5 mycket framg\u00e5ngsrika idrottsf\u00f6reningar. IFK \u00c5m\u00e5l som bildades 1908 och IF Viken som bildades 1922. IFK har sin klubbg\u00e5rd Kamratg\u00e5rden strax intill \u00d6rn\u00e4sbadet och den gamla idrottsplatsen \u00d6rn\u00e4svallen. Viken har sitt Vikenborg uppe i R\u00f6sskogen i den norra delen av \u00c5m\u00e5l och \u00e4ven d\u00e4r finns det\u2026","rel":"","context":"Liknande inl\u00e4gg","block_context":{"text":"Liknande inl\u00e4gg","link":""},"img":{"alt_text":"","src":"https:\/\/i0.wp.com\/dalslandsgille.se\/wordpress\/wp-content\/uploads\/2018\/09\/IFKAmal-261x300.jpg?resize=350%2C200","width":350,"height":200},"classes":[]},{"id":204,"url":"https:\/\/dalslandsgille.se\/?page_id=204","url_meta":{"origin":48,"position":1},"title":"Visor","author":"admin","date":"2018-09-14","format":false,"excerpt":"Gillevisan Gillevisans text skrevs av Fritz-Gustaf och till\u00e4gnades Dalslands Gille i Stockholm. Fritz-Gustaf hette Sundel\u00f6f i efternamn och f\u00f6ddes i \u00c5m\u00e5l 1895. Han utbildade sig till bagare men blev komposit\u00f6r, textf\u00f6rfattare och schlagerforskare. Han fick sin f\u00f6rsta revy uppf\u00f6rd 1914. 1918 kom han till G\u00f6teborg och b\u00f6rjade arbeta f\u00f6r olika\u2026","rel":"","context":"Liknande inl\u00e4gg","block_context":{"text":"Liknande inl\u00e4gg","link":""},"img":{"alt_text":"","src":"https:\/\/i0.wp.com\/dalslandsgille.se\/wordpress\/wp-content\/uploads\/2018\/09\/Dalslandssangen.png?resize=350%2C200","width":350,"height":200},"classes":[]},{"id":333,"url":"https:\/\/dalslandsgille.se\/?page_id=333","url_meta":{"origin":48,"position":2},"title":"Gillets 100-\u00e5rs jubileum","author":"admin","date":"2016-05-20","format":false,"excerpt":"Gillets stora jubileumsfest \u00e4gde rum den 14 maj 2016 p\u00e5 restaurang Syster och Bror, Drottning Kristinas v\u00e4g 24, Stockholm. Cirka 120 personer deltog. 100-\u00e5rsgruppen\/kommitt\u00e9n hade gjort ett fantastiskt arbete och arrangemang. Utst\u00e4llning \u00f6ver Dalsland och Dalslands Gille presenterades och \u00e4ven en film fanns att besk\u00e5da. Inbjudna g\u00e4ster som deltog var\u2026","rel":"","context":"Liknande inl\u00e4gg","block_context":{"text":"Liknande inl\u00e4gg","link":""},"img":{"alt_text":"","src":"","width":0,"height":0},"classes":[]},{"id":31,"url":"https:\/\/dalslandsgille.se\/?page_id=31","url_meta":{"origin":48,"position":3},"title":"Litteratur","author":"admin","date":"2018-09-13","format":false,"excerpt":"Litteratur om Dal Dalslandshistorier: Till Dalslands gilles trettio\u00e5rsjubileum, Hjalmar Lars\u00e9n, 1946 Dalslands gille i Stockholm 90 \u00e5r 1916-2006. ISBN\u00a091-631-8191-6 Br\u00e5landaboken, del I och del II. En bok om Br\u00e5landa, Gestad och Sundals-Ryr, Bertil Johansson, 1984 Beskrifning \u00f6fver Grefskapet Dal, Anders Lignell, 1917 Sundals Ryr. En socken p\u00e5 Dal, Sundals Ryr\u2026","rel":"","context":"Liknande inl\u00e4gg","block_context":{"text":"Liknande inl\u00e4gg","link":""},"img":{"alt_text":"","src":"","width":0,"height":0},"classes":[]},{"id":466,"url":"https:\/\/dalslandsgille.se\/?page_id=466","url_meta":{"origin":48,"position":4},"title":"Integritetspolicy","author":"admin","date":"2018-10-24","format":false,"excerpt":"Vilka vi \u00e4r V\u00e5r webbplatsadress \u00e4r: https:\/\/www.dalslandsgille.se. Vilka personuppgifter vi samlar in och varf\u00f6r vi samlar in dem Kommentarer N\u00e4r bes\u00f6kare l\u00e4mnar kommentarer p\u00e5 webbplatsen samlar vi in de uppgifter som visas i kommentarsformul\u00e4ret samt bes\u00f6karens ip-adress och user agent-str\u00e4ng som hj\u00e4lp f\u00f6r detektering av skr\u00e4pmeddelanden. En anonymiserad str\u00e4ng som\u2026","rel":"","context":"Liknande inl\u00e4gg","block_context":{"text":"Liknande inl\u00e4gg","link":""},"img":{"alt_text":"","src":"","width":0,"height":0},"classes":[]},{"id":52,"url":"https:\/\/dalslandsgille.se\/?page_id=52","url_meta":{"origin":48,"position":5},"title":"Sundals-Ryr","author":"admin","date":"2018-09-13","format":false,"excerpt":"Sundals-Ryrs socken ligger i Dalsland, nordv\u00e4st om V\u00e4nersborg, och v\u00e4ster om Br\u00e5landa samh\u00e4lle. Socknen \u00e4r i \u00f6ster en sl\u00e4ttbygd p\u00e5 Dalbosl\u00e4tten och i v\u00e4ster en kuperad skogsbygd p\u00e5 Kroppefj\u00e4ll med h\u00f6jder som n\u00e5r mer \u00e4n 200 meter \u00f6ver havet. Socknens areal \u00e4r 93 kvadratkilometer. P\u00e5 1870-talet var inv\u00e5nareantalet i socknen\u2026","rel":"","context":"Liknande inl\u00e4gg","block_context":{"text":"Liknande inl\u00e4gg","link":""},"img":{"alt_text":"","src":"https:\/\/i0.wp.com\/dalslandsgille.se\/wordpress\/wp-content\/uploads\/2019\/02\/SRgamlakyrka-300x206.jpg?resize=350%2C200&ssl=1","width":350,"height":200},"classes":[]}],"jetpack_likes_enabled":false,"_links":{"self":[{"href":"https:\/\/dalslandsgille.se\/index.php?rest_route=\/wp\/v2\/pages\/48","targetHints":{"allow":["GET"]}}],"collection":[{"href":"https:\/\/dalslandsgille.se\/index.php?rest_route=\/wp\/v2\/pages"}],"about":[{"href":"https:\/\/dalslandsgille.se\/index.php?rest_route=\/wp\/v2\/types\/page"}],"author":[{"embeddable":true,"href":"https:\/\/dalslandsgille.se\/index.php?rest_route=\/wp\/v2\/users\/1"}],"replies":[{"embeddable":true,"href":"https:\/\/dalslandsgille.se\/index.php?rest_route=%2Fwp%2Fv2%2Fcomments&post=48"}],"version-history":[{"count":0,"href":"https:\/\/dalslandsgille.se\/index.php?rest_route=\/wp\/v2\/pages\/48\/revisions"}],"up":[{"embeddable":true,"href":"https:\/\/dalslandsgille.se\/index.php?rest_route=\/wp\/v2\/pages\/33"}],"wp:attachment":[{"href":"https:\/\/dalslandsgille.se\/index.php?rest_route=%2Fwp%2Fv2%2Fmedia&parent=48"}],"curies":[{"name":"wp","href":"https:\/\/api.w.org\/{rel}","templated":true}]}}